{"id":1076,"date":"2021-02-10T17:41:45","date_gmt":"2021-02-10T17:41:45","guid":{"rendered":"https:\/\/mimvlora.al\/?page_id=1076"},"modified":"2021-02-19T14:03:17","modified_gmt":"2021-02-19T14:03:17","slug":"home-2","status":"publish","type":"page","link":"https:\/\/mimvlora.al\/?page_id=1076&lang=en","title":{"rendered":"Home"},"content":{"rendered":"<p>[vc_row css_animation=&#8221;&#8221; row_type=&#8221;row&#8221; use_row_as_full_screen_section=&#8221;no&#8221; type=&#8221;full_width&#8221; angled_section=&#8221;no&#8221; text_align=&#8221;left&#8221; background_image_as_pattern=&#8221;without_pattern&#8221;][vc_column][rev_slider_vc alias=&#8221;home-1&#8243;][\/vc_column][\/vc_row][vc_row css_animation=&#8221;&#8221; row_type=&#8221;row&#8221; use_row_as_full_screen_section=&#8221;no&#8221; type=&#8221;grid&#8221; angled_section=&#8221;no&#8221; text_align=&#8221;center&#8221; background_image_as_pattern=&#8221;without_pattern&#8221; z_index=&#8221;&#8221; css=&#8221;.vc_custom_1522747985035{padding-top: 120px !important;background-color: #f9fbf7 !important;}&#8221;][vc_column][vc_column_text]<\/p>\n<h1>Integrated Urban Waste Management Vlora &#8211; Program<\/h1>\n<p>[\/vc_column_text][vc_empty_space][vc_column_text]<\/p>\n<p style=\"text-align: justify;\"><em>MIM Vlore was founded in March 2019 as the regional waste management centre in the Waste Zone North Vlore, covering the municipalities of Vlor\u00eb and Selenic\u00eb. Introduction of sustainable regional waste management practices &#8211; sanitary landfill, sorting of recyclables, compost production &#8211; goes along with the supply of new municipal waste collection equipment, and is supported by the German-Albanian Cooperation through KfW Development Bank in the framework of the Integrated Solid Waste Management Programme Vlore. The various activities of the Programme are coordinated by the National Agency of Water Supply, Sewerage and <\/em><\/p>\n<p style=\"text-align: justify;\"><em>Waste Infrastructure (AKUM). The Programme supports the Albanian National Waste Management Strategy and the harmonisation of Albanian standards with environmental standards of the EU.<\/em><\/p>\n<p><em>\u00a0<\/em><\/p>\n<h3 style=\"text-align: center;\"><span style=\"font-size: 12pt;\"><strong><em>Construction works at the landfill site and sorting plant near Sherisht\u00eb are in progress, and operations are expected to begin in early 2022. The pilot compost plant will become operational in 2023<\/em><\/strong><\/span><\/h3>\n<p>[\/vc_column_text][vc_empty_space height=&#8221;55px&#8221;][\/vc_column][\/vc_row][vc_row css_animation=&#8221;&#8221; row_type=&#8221;row&#8221; use_row_as_full_screen_section=&#8221;no&#8221; type=&#8221;full_width&#8221; angled_section=&#8221;no&#8221; text_align=&#8221;left&#8221; background_image_as_pattern=&#8221;without_pattern&#8221;][vc_column][vc_row_inner row_type=&#8221;row&#8221; type=&#8221;grid&#8221; text_align=&#8221;left&#8221; css_animation=&#8221;&#8221; css=&#8221;.vc_custom_1522830081699{padding-bottom: 50px !important;background-color: #f9fbf7 !important;}&#8221;][vc_column_inner offset=&#8221;vc_col-lg-offset-0 vc_col-lg-4 vc_col-md-offset-0 vc_col-md-4 vc_col-sm-offset-0 vc_col-xs-12&#8243;][vc_single_image image=&#8221;142&#8243; img_size=&#8221;450&#215;200&#8243; qode_css_animation=&#8221;&#8221;][qode_elements_holder background_color=&#8221;#ffffff&#8221; number_of_columns=&#8221;one_column&#8221;][qode_elements_holder_item advanced_animations=&#8221;no&#8221; item_padding=&#8221;40px 33px 28px 33px&#8221;][vc_column_text]<\/p>\n<h2>COMPOSTING<\/h2>\n<p>[\/vc_column_text][vc_empty_space height=&#8221;24px&#8221;][vc_column_text]In Vlora, household waste mainly consists of organic waste. This includes green waste from private and public gardens and parks and&#8230;[\/vc_column_text][vc_empty_space height=&#8221;12px&#8221;]<a  itemprop=\"url\" href=\"https:\/\/mimvlora.al\/?page_id=301&amp;lang=en\" target=\"_self\" data-hover-color='#171717' class=\"qbutton  default\" style=\"color: #86af49; \">Read More<\/a>[\/qode_elements_holder_item][\/qode_elements_holder][vc_empty_space height=&#8221;80px&#8221;][\/vc_column_inner][vc_column_inner offset=&#8221;vc_col-lg-offset-0 vc_col-lg-4 vc_col-md-offset-0 vc_col-md-4 vc_col-sm-offset-0 vc_col-xs-12&#8243;][vc_single_image image=&#8221;1144&#8243; img_size=&#8221;450&#215;185&#8243; alignment=&#8221;center&#8221; qode_css_animation=&#8221;&#8221;][qode_elements_holder number_of_columns=&#8221;one_column&#8221;][qode_elements_holder_item advanced_animations=&#8221;no&#8221; background_color=&#8221;#ffffff&#8221; item_padding=&#8221;40px 33px 28px 33px&#8221;][vc_column_text]<\/p>\n<h2>RECYCLING<\/h2>\n<p>[\/vc_column_text][vc_empty_space height=&#8221;24px&#8221;][vc_column_text]Recycling moves waste management from linear management to circularity and more sustainability. So, what does it mean \u2013 moving from a linear to a circular economy?[\/vc_column_text][vc_empty_space height=&#8221;12px&#8221;]<a  itemprop=\"url\" href=\"https:\/\/mimvlora.al\/?page_id=321&amp;lang=en\" target=\"_self\" data-hover-color='#171717' class=\"qbutton  default\" style=\"color: #86af49; \">Read More<\/a>[\/qode_elements_holder_item][\/qode_elements_holder][vc_empty_space height=&#8221;80px&#8221;][\/vc_column_inner][vc_column_inner offset=&#8221;vc_col-lg-offset-0 vc_col-lg-4 vc_col-md-offset-0 vc_col-md-4 vc_col-sm-offset-0 vc_col-xs-12&#8243;][vc_single_image image=&#8221;1133&#8243; img_size=&#8221;450&#215;200&#8243; qode_css_animation=&#8221;&#8221;][qode_elements_holder background_color=&#8221;#ffffff&#8221; number_of_columns=&#8221;one_column&#8221;][qode_elements_holder_item advanced_animations=&#8221;no&#8221; item_padding=&#8221;40px 33px 28px 33px&#8221;][vc_column_text]<\/p>\n<h2>LANDFILLING<\/h2>\n<p>[\/vc_column_text][vc_empty_space height=&#8221;24px&#8221;][vc_column_text]Despite all the efforts to reduce the amount of waste produced and treat the remaining waste, there will always be some residual waste to be disposed[\/vc_column_text][vc_empty_space height=&#8221;12px&#8221;]<a  itemprop=\"url\" href=\"https:\/\/mimvlora.al\/?page_id=336&amp;lang=en\" target=\"_self\" data-hover-color='#171717' class=\"qbutton  default\" style=\"color: #86af49; \">Read More<\/a>[\/qode_elements_holder_item][\/qode_elements_holder][vc_empty_space height=&#8221;80px&#8221;][\/vc_column_inner][\/vc_row_inner][\/vc_column][\/vc_row][vc_row css_animation=&#8221;&#8221; row_type=&#8221;row&#8221; use_row_as_full_screen_section=&#8221;no&#8221; type=&#8221;grid&#8221; angled_section=&#8221;no&#8221; text_align=&#8221;left&#8221; background_image_as_pattern=&#8221;without_pattern&#8221; z_index=&#8221;&#8221; css=&#8221;.vc_custom_1522756879605{background-image: url(http:\/\/bridge212.qodeinteractive.com\/wp-content\/uploads\/2018\/04\/testimonials-parallax-background.jpg?id=47) !important;}&#8221;][vc_column][qode_elements_holder number_of_columns=&#8221;one_column&#8221;][qode_elements_holder_item advanced_animations=&#8221;no&#8221; item_padding=&#8221;150px 156px 150px 156px&#8221; item_padding_600_768=&#8221;150px 35px 150px 35px&#8221; item_padding_480_600=&#8221;0px 5px 0px 5px&#8221; item_padding_480=&#8221;50px 5px 50px 5px&#8221;]<div class='testimonials_holder clearfix light'><div class=\"testimonials testimonials_carousel\" data-show-navigation=\"yes\" data-animation-type=\"fade\" data-animation-speed=\"\" data-auto-rotate-slides=\"3\" data-number-per-slide=\"1\"><ul class=\"slides\"><li id=\"testimonials55\" class=\"testimonial_content\"><div class=\"testimonial_content_inner\"><div class=\"testimonial_image_holder\"><img decoding=\"async\" itemprop=\"image\" src=\"\" \/><\/div><div class=\"testimonial_text_holder\"><div class=\"testimonial_text_inner\" style=\"color: #ffffff;\"><p style='font-size:20px;color:#ffffff;'>\u201cIts never too late\u2026we can\u2019t change the future but we can change our fate!One tree can make a million matches. One match can destroy a million trees.Green. That\u2019s how we\u2019d like the world to be. The choice is yours- Save it or Waste it.<\/p><p class=\"testimonial_author\" style=\"color: #ffffff;font-weight: 600;color: #ffffff;font-size: 20pxpx;\">Amelie Mitchell<\/p><\/div><\/div><\/div><\/li><li id=\"testimonials878\" class=\"testimonial_content\"><div class=\"testimonial_content_inner\"><div class=\"testimonial_image_holder\"><img decoding=\"async\" itemprop=\"image\" src=\"\" \/><\/div><div class=\"testimonial_text_holder\"><div class=\"testimonial_text_inner\" style=\"color: #ffffff;\"><p style='font-size:20px;color:#ffffff;'>\u201cIts never too late\u2026we can\u2019t change the future but we can change our fate!One tree can make a million matches. One match can destroy a million trees.Green. That\u2019s how we\u2019d like the world to be. The choice is yours- Save it or Waste it.<\/p><p class=\"testimonial_author\" style=\"color: #ffffff;font-weight: 600;color: #ffffff;font-size: 20pxpx;\">Gregory Jackson<\/p><\/div><\/div><\/div><\/li><\/ul><\/div><\/div>[\/qode_elements_holder_item][\/qode_elements_holder][\/vc_column][\/vc_row][vc_row css_animation=&#8221;&#8221; row_type=&#8221;row&#8221; use_row_as_full_screen_section=&#8221;no&#8221; type=&#8221;grid&#8221; angled_section=&#8221;no&#8221; text_align=&#8221;left&#8221; background_image_as_pattern=&#8221;without_pattern&#8221; z_index=&#8221;&#8221; css=&#8221;.vc_custom_1613052306107{padding-top: 80px !important;}&#8221;][vc_column offset=&#8221;vc_col-lg-offset-0 vc_col-lg-4 vc_col-md-offset-0 vc_col-md-4 vc_col-sm-offset-0 vc_col-xs-12&#8243;][qode_elements_holder number_of_columns=&#8221;one_column&#8221;][qode_elements_holder_item vertical_alignment=&#8221;middle&#8221; horizontal_alignment=&#8221;center&#8221; advanced_animations=&#8221;no&#8221; item_padding=&#8221;0 35px&#8221;]<div class='q_icon_with_title large custom_icon_image center '><div class=\"icon_holder \" style=\" \"><img decoding=\"async\" itemprop=\"image\" style=\"\" src=\"https:\/\/i0.wp.com\/mimvlora.al\/wp-content\/uploads\/2018\/04\/icon-3.png?w=1060&#038;ssl=1\" alt=\"\" data-recalc-dims=\"1\"><\/div><div class=\"icon_text_holder\" style=\"\"><div class=\"icon_text_inner\" style=\"\"><h2 class=\"icon_title\" style=\"\">GREEN WASTE<\/h2><p style='color: #828282'>Separate collection of any waste fraction means a change in behaviour of citizens. The experiences ...<\/p><a itemprop='url' class='icon_with_title_link' href='https:\/\/mimvlora.al\/?page_id=157&amp;lang=en' target='_self' style=''>Read More<\/a><\/div><\/div><\/div>[vc_empty_space height=&#8221;40px&#8221;][\/qode_elements_holder_item][\/qode_elements_holder][\/vc_column][vc_column offset=&#8221;vc_col-lg-offset-0 vc_col-lg-4 vc_col-md-offset-0 vc_col-md-4 vc_col-sm-offset-0 vc_col-xs-12&#8243;][qode_elements_holder number_of_columns=&#8221;one_column&#8221;][qode_elements_holder_item vertical_alignment=&#8221;middle&#8221; horizontal_alignment=&#8221;center&#8221; advanced_animations=&#8221;no&#8221; item_padding=&#8221;0 35px&#8221;]<div class='q_icon_with_title large custom_icon_image center '><div class=\"icon_holder \" style=\" \"><img decoding=\"async\" itemprop=\"image\" style=\"\" src=\"https:\/\/i0.wp.com\/mimvlora.al\/wp-content\/uploads\/2018\/04\/icon-6.png?w=1060&#038;ssl=1\" alt=\"\" data-recalc-dims=\"1\"><\/div><div class=\"icon_text_holder\" style=\"\"><div class=\"icon_text_inner\" style=\"\"><h2 class=\"icon_title\" style=\"\">PILOT COMPOST PLANT<\/h2><p style='color: #828282'>After rehabilitation of the former dumpsite of Vlor\u0451 Municipality, a pilot composting plant will be constructed there.<\/p><a itemprop='url' class='icon_with_title_link' href='https:\/\/mimvlora.al\/?page_id=162&amp;lang=en' target='_self' style=''>Read More<\/a><\/div><\/div><\/div>[vc_empty_space height=&#8221;40px&#8221;][\/qode_elements_holder_item][\/qode_elements_holder][\/vc_column][vc_column offset=&#8221;vc_col-lg-offset-0 vc_col-lg-4 vc_col-md-offset-0 vc_col-md-4 vc_col-sm-offset-0 vc_col-xs-12&#8243;][qode_elements_holder number_of_columns=&#8221;one_column&#8221;][qode_elements_holder_item vertical_alignment=&#8221;middle&#8221; horizontal_alignment=&#8221;center&#8221; advanced_animations=&#8221;no&#8221; item_padding=&#8221;0 35px&#8221;]<div class='q_icon_with_title large custom_icon_image center '><div class=\"icon_holder \" style=\" \"><img decoding=\"async\" itemprop=\"image\" style=\"\" src=\"https:\/\/i0.wp.com\/mimvlora.al\/wp-content\/uploads\/2018\/04\/icon-4.png?w=1060&#038;ssl=1\" alt=\"\" data-recalc-dims=\"1\"><\/div><div class=\"icon_text_holder\" style=\"\"><div class=\"icon_text_inner\" style=\"\"><h2 class=\"icon_title\" style=\"\">HOME COMPOSTING<\/h2><p style='color: #828282'>Nutrient-rich compost can also be produced without complex equipment or technology in your own garden by home composting.<\/p><a itemprop='url' class='icon_with_title_link' href='https:\/\/mimvlora.al\/?page_id=166&amp;lang=en' target='_self' style=''>Read More<\/a><\/div><\/div><\/div>[vc_empty_space height=&#8221;40px&#8221;][\/qode_elements_holder_item][\/qode_elements_holder][\/vc_column][\/vc_row][vc_row css_animation=&#8221;&#8221; row_type=&#8221;row&#8221; use_row_as_full_screen_section=&#8221;no&#8221; type=&#8221;grid&#8221; angled_section=&#8221;no&#8221; text_align=&#8221;left&#8221; background_image_as_pattern=&#8221;without_pattern&#8221; z_index=&#8221;&#8221; css=&#8221;.vc_custom_1613052240649{padding-bottom: 20px !important;}&#8221;][vc_column offset=&#8221;vc_col-lg-offset-0 vc_col-lg-4 vc_col-md-offset-0 vc_col-md-4 vc_col-sm-offset-0 vc_col-xs-12&#8243;][qode_elements_holder number_of_columns=&#8221;one_column&#8221;][qode_elements_holder_item vertical_alignment=&#8221;middle&#8221; horizontal_alignment=&#8221;center&#8221; advanced_animations=&#8221;no&#8221; item_padding=&#8221;0 35px&#8221;]<div class='q_icon_with_title large custom_icon_image center '><div class=\"icon_holder \" style=\" \"><img decoding=\"async\" itemprop=\"image\" style=\"\" src=\"https:\/\/i0.wp.com\/mimvlora.al\/wp-content\/uploads\/2021\/02\/factory-icon-png-23.png?w=1060&#038;ssl=1\" alt=\"\" data-recalc-dims=\"1\"><\/div><div class=\"icon_text_holder\" style=\"\"><div class=\"icon_text_inner\" style=\"\"><h2 class=\"icon_title\" style=\"\">MATERIAL RECOVERY FACILITY<\/h2><p style='color: #828282'>We operate a so-called Material Recovery Facility (MRF) in Sherisht\u00eb to prepare the recyclable materials for recycling<\/p><a itemprop='url' class='icon_with_title_link' href='https:\/\/mimvlora.al\/?page_id=172&amp;lang=en' target='_self' style=''>Read More<\/a><\/div><\/div><\/div>[vc_empty_space height=&#8221;40px&#8221;][\/qode_elements_holder_item][\/qode_elements_holder][\/vc_column][vc_column offset=&#8221;vc_col-lg-offset-0 vc_col-lg-4 vc_col-md-offset-0 vc_col-md-4 vc_col-sm-offset-0 vc_col-xs-12&#8243;][qode_elements_holder number_of_columns=&#8221;one_column&#8221;][qode_elements_holder_item vertical_alignment=&#8221;middle&#8221; horizontal_alignment=&#8221;center&#8221; advanced_animations=&#8221;no&#8221; item_padding=&#8221;0 35px&#8221;]<div class='q_icon_with_title large custom_icon_image center '><div class=\"icon_holder \" style=\" \"><img decoding=\"async\" itemprop=\"image\" style=\"\" src=\"https:\/\/i0.wp.com\/mimvlora.al\/wp-content\/uploads\/2021\/02\/bin-recycle-recycling-bin-sorting-waste-512.png?w=1060&#038;ssl=1\" alt=\"\" data-recalc-dims=\"1\"><\/div><div class=\"icon_text_holder\" style=\"\"><div class=\"icon_text_inner\" style=\"\"><h2 class=\"icon_title\" style=\"\">ELECTRICAL ITEMS<\/h2><p style='color: #828282'>The more segregated the recyclables are collected, the better they can be recycled into valuable products<\/p><a itemprop='url' class='icon_with_title_link' href='https:\/\/mimvlora.al\/?page_id=169&amp;lang=en' target='_self' style=''>Read More<\/a><\/div><\/div><\/div>[vc_empty_space height=&#8221;40px&#8221;][\/qode_elements_holder_item][\/qode_elements_holder][\/vc_column][vc_column offset=&#8221;vc_col-lg-offset-0 vc_col-lg-4 vc_col-md-offset-0 vc_col-md-4 vc_col-sm-offset-0 vc_col-xs-12&#8243;][qode_elements_holder number_of_columns=&#8221;one_column&#8221;][qode_elements_holder_item vertical_alignment=&#8221;middle&#8221; horizontal_alignment=&#8221;center&#8221; advanced_animations=&#8221;no&#8221; item_padding=&#8221;0 35px&#8221;]<div class='q_icon_with_title large custom_icon_image center '><div class=\"icon_holder \" style=\" \"><img decoding=\"async\" itemprop=\"image\" style=\"\" src=\"https:\/\/i0.wp.com\/mimvlora.al\/wp-content\/uploads\/2021\/02\/2227141.png?w=1060&#038;ssl=1\" alt=\"\" data-recalc-dims=\"1\"><\/div><div class=\"icon_text_holder\" style=\"\"><div class=\"icon_text_inner\" style=\"\"><h2 class=\"icon_title\" style=\"\">CLOSURE OF EXISTING LANDFILLD<\/h2><p style='color: #828282'>Rehabilitation measures at the current landfill for urban waste<\/p><\/div><\/div><\/div>[vc_empty_space height=&#8221;40px&#8221;][\/qode_elements_holder_item][\/qode_elements_holder][\/vc_column][\/vc_row][vc_row css_animation=&#8221;&#8221; row_type=&#8221;row&#8221; use_row_as_full_screen_section=&#8221;no&#8221; type=&#8221;full_width&#8221; angled_section=&#8221;no&#8221; text_align=&#8221;left&#8221; background_image_as_pattern=&#8221;without_pattern&#8221;][vc_column]\n\t\t\t<!-- START Video REVOLUTION SLIDER 6.3.5 --><p class=\"rs-p-wp-fix\"><\/p>\n\t\t\t<rs-module-wrap id=\"rev_slider_4_1_wrapper\" data-source=\"gallery\" style=\"background:transparent;padding:0;margin:0px auto;margin-top:0;margin-bottom:0;\">\n\t\t\t\t<rs-module id=\"rev_slider_4_1\" style=\"\" data-version=\"6.3.5\">\n\t\t\t\t\t<rs-slides>\n\t\t\t\t\t\t<rs-slide data-key=\"rs-6\" data-title=\"Slide\" data-anim=\"ei:d;eo:d;s:600;r:0;t:fade;sl:d;\">\n\t\t\t\t\t\t\t<img fetchpriority=\"high\" decoding=\"async\" src=\"https:\/\/i0.wp.com\/mimvlora.al\/wp-content\/plugins\/revslider\/public\/assets\/assets\/transparent.png?resize=800%2C251\" alt=\"Slide\" title=\"Landfill_4 16.01.20211\" width=\"800\" height=\"251\" data-bg=\"p:center top;f:contain;\" class=\"rev-slidebg\" data-no-retina data-recalc-dims=\"1\">\n<!--\n\t\t\t\t\t\t\t--><rs-layer\n\t\t\t\t\t\t\t\tid=\"slider-4-slide-6-layer-0\" \n\t\t\t\t\t\t\t\tclass=\"rs-layer-video intrinsic-ignore\"\n\t\t\t\t\t\t\t\tdata-type=\"video\"\n\t\t\t\t\t\t\t\tdata-rsp_ch=\"on\"\n\t\t\t\t\t\t\t\tdata-xy=\"x:c;xo:5px,6px,3px,1px;\"\n\t\t\t\t\t\t\t\tdata-text=\"w:normal;s:20,24,12,7;l:0,30,16,9;\"\n\t\t\t\t\t\t\t\tdata-dim=\"w:100%;h:100%;\"\n\t\t\t\t\t\t\t\tdata-video=\"ap:false;vd:100;sta:00:20;l:false;ptimer:false;vc:t;\"\n\t\t\t\t\t\t\t\tdata-mp4=\"\/\/mimvlora.al\/wp-content\/uploads\/2021\/02\/WhatsApp-Video-2021-01-11-at-5.55.22-PM.mp4\"\n\t\t\t\t\t\t\t\tdata-frame_1=\"st:50;\"\n\t\t\t\t\t\t\t\tdata-frame_999=\"o:0;st:w;\"\n\t\t\t\t\t\t\t\tstyle=\"z-index:8;\"\n\t\t\t\t\t\t\t>\n\t\t\t\t\t\t\t<\/rs-layer><!--\n-->\t\t\t\t\t\t<\/rs-slide>\n\t\t\t\t\t<\/rs-slides>\n\t\t\t\t<\/rs-module>\n\t\t\t\t<script type=\"text\/javascript\">\n\t\t\t\t\tsetREVStartSize({c: 'rev_slider_4_1',rl:[1240,1024,778,480],el:[380,768,960,720],gw:[1200,1441,778,480],gh:[380,768,960,720],type:'standard',justify:'',layout:'fullwidth',mh:\"0\"});\n\t\t\t\t\tvar\trevapi4,\n\t\t\t\t\t\ttpj;\n\t\t\t\t\tfunction revinit_revslider41() {\n\t\t\t\t\tjQuery(function() {\n\t\t\t\t\t\ttpj = jQuery;\n\t\t\t\t\t\trevapi4 = tpj(\"#rev_slider_4_1\");\n\t\t\t\t\t\tif(revapi4==undefined || revapi4.revolution == undefined){\n\t\t\t\t\t\t\trevslider_showDoubleJqueryError(\"rev_slider_4_1\");\n\t\t\t\t\t\t}else{\n\t\t\t\t\t\t\trevapi4.revolution({\n\t\t\t\t\t\t\t\tsliderLayout:\"fullwidth\",\n\t\t\t\t\t\t\t\tduration:3500,\n\t\t\t\t\t\t\t\tvisibilityLevels:\"1240,1024,778,480\",\n\t\t\t\t\t\t\t\tgridwidth:\"1200,1441,778,480\",\n\t\t\t\t\t\t\t\tgridheight:\"380,768,960,720\",\n\t\t\t\t\t\t\t\tperspective:600,\n\t\t\t\t\t\t\t\tperspectiveType:\"local\",\n\t\t\t\t\t\t\t\teditorheight:\"380,768,960,720\",\n\t\t\t\t\t\t\t\tresponsiveLevels:\"1240,1024,778,480\",\n\t\t\t\t\t\t\t\tprogressBar:{disableProgressBar:true},\n\t\t\t\t\t\t\t\tnavigation: {\n\t\t\t\t\t\t\t\t\tonHoverStop:false\n\t\t\t\t\t\t\t\t},\n\t\t\t\t\t\t\t\tfallbacks: {\n\t\t\t\t\t\t\t\t\tallowHTML5AutoPlayOnAndroid:true\n\t\t\t\t\t\t\t\t},\n\t\t\t\t\t\t\t});\n\t\t\t\t\t\t}\n\t\t\t\t\t\t\n\t\t\t\t\t});\n\t\t\t\t\t} \/\/ End of RevInitScript\n\t\t\t\tvar once_revslider41 = false;\n\t\t\t\tif (document.readyState === \"loading\") {document.addEventListener('readystatechange',function() { if((document.readyState === \"interactive\" || document.readyState === \"complete\") && !once_revslider41 ) { once_revslider41 = true; revinit_revslider41();}});} else {once_revslider41 = true; revinit_revslider41();}\n\t\t\t\t<\/script>\n\t\t\t<\/rs-module-wrap>\n\t\t\t<!-- END REVOLUTION SLIDER -->\n[\/vc_column][\/vc_row]<\/p>\n","protected":false},"excerpt":{"rendered":"<p>[vc_row css_animation=&#8221;&#8221; row_type=&#8221;row&#8221; use_row_as_full_screen_section=&#8221;no&#8221; type=&#8221;full_width&#8221; angled_section=&#8221;no&#8221; text_align=&#8221;left&#8221; background_image_as_pattern=&#8221;without_pattern&#8221;][vc_column][rev_slider_vc alias=&#8221;home-1&#8243;][\/vc_column][\/vc_row][vc_row css_animation=&#8221;&#8221; row_type=&#8221;row&#8221; use_row_as_full_screen_section=&#8221;no&#8221; type=&#8221;grid&#8221; angled_section=&#8221;no&#8221; text_align=&#8221;center&#8221; background_image_as_pattern=&#8221;without_pattern&#8221; z_index=&#8221;&#8221; css=&#8221;.vc_custom_1522747985035{padding-top: 120px !important;background-color: #f9fbf7 !important;}&#8221;][vc_column][vc_column_text] Integrated Urban Waste Management Vlora &#8211; Program [\/vc_column_text][vc_empty_space][vc_column_text] MIM Vlore was founded in March 2019 as the regional waste management centre in the&#8230;<\/p>\n","protected":false},"author":1,"featured_media":0,"parent":0,"menu_order":0,"comment_status":"closed","ping_status":"closed","template":"full_width.php","meta":{"nf_dc_page":"","footnotes":""},"yoast_head":"<!-- This site is optimized with the Yoast SEO plugin v22.1 - https:\/\/yoast.com\/wordpress\/plugins\/seo\/ -->\n<title>Home - Menaxhimi i Integruar i Mbetjeve<\/title>\n<meta name=\"robots\" content=\"index, follow, max-snippet:-1, max-image-preview:large, max-video-preview:-1\" \/>\n<link rel=\"canonical\" href=\"https:\/\/mimvlora.al\/?page_id=1076&lang=en\" \/>\n<meta property=\"og:locale\" content=\"en_US\" \/>\n<meta property=\"og:type\" content=\"article\" \/>\n<meta property=\"og:title\" content=\"Home - Menaxhimi i Integruar i Mbetjeve\" \/>\n<meta property=\"og:description\" content=\"[vc_row css_animation=&#8221;&#8221; row_type=&#8221;row&#8221; use_row_as_full_screen_section=&#8221;no&#8221; type=&#8221;full_width&#8221; angled_section=&#8221;no&#8221; text_align=&#8221;left&#8221; background_image_as_pattern=&#8221;without_pattern&#8221;][vc_column][rev_slider_vc alias=&#8221;home-1&#8243;][\/vc_column][\/vc_row][vc_row css_animation=&#8221;&#8221; row_type=&#8221;row&#8221; use_row_as_full_screen_section=&#8221;no&#8221; type=&#8221;grid&#8221; angled_section=&#8221;no&#8221; text_align=&#8221;center&#8221; background_image_as_pattern=&#8221;without_pattern&#8221; z_index=&#8221;&#8221; css=&#8221;.vc_custom_1522747985035{padding-top: 120px !important;background-color: #f9fbf7 !important;}&#8221;][vc_column][vc_column_text] Integrated Urban Waste Management Vlora &#8211; Program [\/vc_column_text][vc_empty_space][vc_column_text] MIM Vlore was founded in March 2019 as the regional waste management centre in the...\" \/>\n<meta property=\"og:url\" content=\"https:\/\/mimvlora.al\/?page_id=1076&amp;lang=en\" \/>\n<meta property=\"og:site_name\" content=\"Menaxhimi i Integruar i Mbetjeve\" \/>\n<meta property=\"article:publisher\" content=\"https:\/\/www.facebook.com\/Nd%c3%abrmarrja-e-Menaxhimit-t%c3%ab-Integruar-t%c3%ab-Mbetjeve-108024937783375\" \/>\n<meta property=\"article:modified_time\" content=\"2021-02-19T14:03:17+00:00\" \/>\n<meta name=\"twitter:card\" content=\"summary_large_image\" \/>\n<meta name=\"twitter:label1\" content=\"Est. reading time\" \/>\n\t<meta name=\"twitter:data1\" content=\"3 minutes\" \/>\n<script type=\"application\/ld+json\" class=\"yoast-schema-graph\">{\"@context\":\"https:\/\/schema.org\",\"@graph\":[{\"@type\":\"WebPage\",\"@id\":\"https:\/\/mimvlora.al\/?page_id=1076&lang=en\",\"url\":\"https:\/\/mimvlora.al\/?page_id=1076&lang=en\",\"name\":\"Home - Menaxhimi i Integruar i Mbetjeve\",\"isPartOf\":{\"@id\":\"https:\/\/mimvlora.al\/#website\"},\"datePublished\":\"2021-02-10T17:41:45+00:00\",\"dateModified\":\"2021-02-19T14:03:17+00:00\",\"breadcrumb\":{\"@id\":\"https:\/\/mimvlora.al\/?page_id=1076&lang=en#breadcrumb\"},\"inLanguage\":\"en-US\",\"potentialAction\":[{\"@type\":\"ReadAction\",\"target\":[\"https:\/\/mimvlora.al\/?page_id=1076&lang=en\"]}]},{\"@type\":\"BreadcrumbList\",\"@id\":\"https:\/\/mimvlora.al\/?page_id=1076&lang=en#breadcrumb\",\"itemListElement\":[{\"@type\":\"ListItem\",\"position\":1,\"name\":\"Home\",\"item\":\"http:\/\/mimvlora.al\/\"},{\"@type\":\"ListItem\",\"position\":2,\"name\":\"Home\"}]},{\"@type\":\"WebSite\",\"@id\":\"https:\/\/mimvlora.al\/#website\",\"url\":\"https:\/\/mimvlora.al\/\",\"name\":\"Menaxhimi i Integruar i Mbetjeve\",\"description\":\"\",\"publisher\":{\"@id\":\"https:\/\/mimvlora.al\/#organization\"},\"potentialAction\":[{\"@type\":\"SearchAction\",\"target\":{\"@type\":\"EntryPoint\",\"urlTemplate\":\"https:\/\/mimvlora.al\/?s={search_term_string}\"},\"query-input\":\"required name=search_term_string\"}],\"inLanguage\":\"en-US\"},{\"@type\":\"Organization\",\"@id\":\"https:\/\/mimvlora.al\/#organization\",\"name\":\"MIM Vlora\",\"url\":\"https:\/\/mimvlora.al\/\",\"logo\":{\"@type\":\"ImageObject\",\"inLanguage\":\"en-US\",\"@id\":\"https:\/\/mimvlora.al\/#\/schema\/logo\/image\/\",\"url\":\"https:\/\/i1.wp.com\/mimvlora.al\/wp-content\/uploads\/2021\/01\/logo-1.png?fit=500%2C500&ssl=1\",\"contentUrl\":\"https:\/\/i1.wp.com\/mimvlora.al\/wp-content\/uploads\/2021\/01\/logo-1.png?fit=500%2C500&ssl=1\",\"width\":500,\"height\":500,\"caption\":\"MIM Vlora\"},\"image\":{\"@id\":\"https:\/\/mimvlora.al\/#\/schema\/logo\/image\/\"},\"sameAs\":[\"https:\/\/www.facebook.com\/Nd\u00ebrmarrja-e-Menaxhimit-t\u00eb-Integruar-t\u00eb-Mbetjeve-108024937783375\"]}]}<\/script>\n<!-- \/ Yoast SEO plugin. -->","yoast_head_json":{"title":"Home - Menaxhimi i Integruar i Mbetjeve","robots":{"index":"index","follow":"follow","max-snippet":"max-snippet:-1","max-image-preview":"max-image-preview:large","max-video-preview":"max-video-preview:-1"},"canonical":"https:\/\/mimvlora.al\/?page_id=1076&lang=en","og_locale":"en_US","og_type":"article","og_title":"Home - Menaxhimi i Integruar i Mbetjeve","og_description":"[vc_row css_animation=&#8221;&#8221; row_type=&#8221;row&#8221; use_row_as_full_screen_section=&#8221;no&#8221; type=&#8221;full_width&#8221; angled_section=&#8221;no&#8221; text_align=&#8221;left&#8221; background_image_as_pattern=&#8221;without_pattern&#8221;][vc_column][rev_slider_vc alias=&#8221;home-1&#8243;][\/vc_column][\/vc_row][vc_row css_animation=&#8221;&#8221; row_type=&#8221;row&#8221; use_row_as_full_screen_section=&#8221;no&#8221; type=&#8221;grid&#8221; angled_section=&#8221;no&#8221; text_align=&#8221;center&#8221; background_image_as_pattern=&#8221;without_pattern&#8221; z_index=&#8221;&#8221; css=&#8221;.vc_custom_1522747985035{padding-top: 120px !important;background-color: #f9fbf7 !important;}&#8221;][vc_column][vc_column_text] Integrated Urban Waste Management Vlora &#8211; Program [\/vc_column_text][vc_empty_space][vc_column_text] MIM Vlore was founded in March 2019 as the regional waste management centre in the...","og_url":"https:\/\/mimvlora.al\/?page_id=1076&lang=en","og_site_name":"Menaxhimi i Integruar i Mbetjeve","article_publisher":"https:\/\/www.facebook.com\/Nd%c3%abrmarrja-e-Menaxhimit-t%c3%ab-Integruar-t%c3%ab-Mbetjeve-108024937783375","article_modified_time":"2021-02-19T14:03:17+00:00","twitter_card":"summary_large_image","twitter_misc":{"Est. reading time":"3 minutes"},"schema":{"@context":"https:\/\/schema.org","@graph":[{"@type":"WebPage","@id":"https:\/\/mimvlora.al\/?page_id=1076&lang=en","url":"https:\/\/mimvlora.al\/?page_id=1076&lang=en","name":"Home - Menaxhimi i Integruar i Mbetjeve","isPartOf":{"@id":"https:\/\/mimvlora.al\/#website"},"datePublished":"2021-02-10T17:41:45+00:00","dateModified":"2021-02-19T14:03:17+00:00","breadcrumb":{"@id":"https:\/\/mimvlora.al\/?page_id=1076&lang=en#breadcrumb"},"inLanguage":"en-US","potentialAction":[{"@type":"ReadAction","target":["https:\/\/mimvlora.al\/?page_id=1076&lang=en"]}]},{"@type":"BreadcrumbList","@id":"https:\/\/mimvlora.al\/?page_id=1076&lang=en#breadcrumb","itemListElement":[{"@type":"ListItem","position":1,"name":"Home","item":"http:\/\/mimvlora.al\/"},{"@type":"ListItem","position":2,"name":"Home"}]},{"@type":"WebSite","@id":"https:\/\/mimvlora.al\/#website","url":"https:\/\/mimvlora.al\/","name":"Menaxhimi i Integruar i Mbetjeve","description":"","publisher":{"@id":"https:\/\/mimvlora.al\/#organization"},"potentialAction":[{"@type":"SearchAction","target":{"@type":"EntryPoint","urlTemplate":"https:\/\/mimvlora.al\/?s={search_term_string}"},"query-input":"required name=search_term_string"}],"inLanguage":"en-US"},{"@type":"Organization","@id":"https:\/\/mimvlora.al\/#organization","name":"MIM Vlora","url":"https:\/\/mimvlora.al\/","logo":{"@type":"ImageObject","inLanguage":"en-US","@id":"https:\/\/mimvlora.al\/#\/schema\/logo\/image\/","url":"https:\/\/i1.wp.com\/mimvlora.al\/wp-content\/uploads\/2021\/01\/logo-1.png?fit=500%2C500&ssl=1","contentUrl":"https:\/\/i1.wp.com\/mimvlora.al\/wp-content\/uploads\/2021\/01\/logo-1.png?fit=500%2C500&ssl=1","width":500,"height":500,"caption":"MIM Vlora"},"image":{"@id":"https:\/\/mimvlora.al\/#\/schema\/logo\/image\/"},"sameAs":["https:\/\/www.facebook.com\/Nd\u00ebrmarrja-e-Menaxhimit-t\u00eb-Integruar-t\u00eb-Mbetjeve-108024937783375"]}]}},"jetpack_sharing_enabled":true,"_links":{"self":[{"href":"https:\/\/mimvlora.al\/index.php?rest_route=\/wp\/v2\/pages\/1076"}],"collection":[{"href":"https:\/\/mimvlora.al\/index.php?rest_route=\/wp\/v2\/pages"}],"about":[{"href":"https:\/\/mimvlora.al\/index.php?rest_route=\/wp\/v2\/types\/page"}],"author":[{"embeddable":true,"href":"https:\/\/mimvlora.al\/index.php?rest_route=\/wp\/v2\/users\/1"}],"replies":[{"embeddable":true,"href":"https:\/\/mimvlora.al\/index.php?rest_route=%2Fwp%2Fv2%2Fcomments&post=1076"}],"version-history":[{"count":5,"href":"https:\/\/mimvlora.al\/index.php?rest_route=\/wp\/v2\/pages\/1076\/revisions"}],"predecessor-version":[{"id":1221,"href":"https:\/\/mimvlora.al\/index.php?rest_route=\/wp\/v2\/pages\/1076\/revisions\/1221"}],"wp:attachment":[{"href":"https:\/\/mimvlora.al\/index.php?rest_route=%2Fwp%2Fv2%2Fmedia&parent=1076"}],"curies":[{"name":"wp","href":"https:\/\/api.w.org\/{rel}","templated":true}]}}